{"id":5527,"date":"2021-04-27T10:04:40","date_gmt":"2021-04-27T08:04:40","guid":{"rendered":"http:\/\/qlnciwg.cluster030.hosting.ovh.net\/ais\/?page_id=5527"},"modified":"2021-05-31T18:33:14","modified_gmt":"2021-05-31T16:33:14","slug":"agence","status":"publish","type":"page","link":"https:\/\/ais-immo.com\/en\/agence\/","title":{"rendered":"Our agency"},"content":{"rendered":"\t\t<div data-elementor-type=\"wp-post\" data-elementor-id=\"5527\" class=\"elementor elementor-5527\">\n\t\t\t\t\t\t<section class=\"elementor-section elementor-top-section elementor-element elementor-element-268bf48e elementor-section-boxed elementor-section-height-default elementor-section-height-default\" data-id=\"268bf48e\" data-element_type=\"section\" data-e-type=\"section\" id=\"decouvrir\" data-settings=\"{&quot;jet_parallax_layout_list&quot;:[{&quot;_id&quot;:&quot;7c7e7ca&quot;,&quot;jet_parallax_layout_speed&quot;:{&quot;unit&quot;:&quot;%&quot;,&quot;size&quot;:50,&quot;sizes&quot;:[]},&quot;jet_parallax_layout_image&quot;:{&quot;url&quot;:&quot;&quot;,&quot;id&quot;:&quot;&quot;,&quot;size&quot;:&quot;&quot;},&quot;jet_parallax_layout_image_tablet&quot;:{&quot;url&quot;:&quot;&quot;,&quot;id&quot;:&quot;&quot;,&quot;size&quot;:&quot;&quot;},&quot;jet_parallax_layout_image_mobile&quot;:{&quot;url&quot;:&quot;&quot;,&quot;id&quot;:&quot;&quot;,&quot;size&quot;:&quot;&quot;},&quot;jet_parallax_layout_type&quot;:&quot;scroll&quot;,&quot;jet_parallax_layout_direction&quot;:&quot;1&quot;,&quot;jet_parallax_layout_fx_direction&quot;:null,&quot;jet_parallax_layout_z_index&quot;:&quot;&quot;,&quot;jet_parallax_layout_bg_x&quot;:50,&quot;jet_parallax_layout_bg_x_tablet&quot;:&quot;&quot;,&quot;jet_parallax_layout_bg_x_mobile&quot;:&quot;&quot;,&quot;jet_parallax_layout_bg_y&quot;:50,&quot;jet_parallax_layout_bg_y_tablet&quot;:&quot;&quot;,&quot;jet_parallax_layout_bg_y_mobile&quot;:&quot;&quot;,&quot;jet_parallax_layout_bg_size&quot;:&quot;auto&quot;,&quot;jet_parallax_layout_bg_size_tablet&quot;:&quot;&quot;,&quot;jet_parallax_layout_bg_size_mobile&quot;:&quot;&quot;,&quot;jet_parallax_layout_animation_prop&quot;:&quot;transform&quot;,&quot;jet_parallax_layout_on&quot;:[&quot;desktop&quot;,&quot;tablet&quot;]}],&quot;background_background&quot;:&quot;classic&quot;}\">\n\t\t\t\t\t\t\t<div class=\"elementor-background-overlay\"><\/div>\n\t\t\t\t\t\t\t<div class=\"elementor-container elementor-column-gap-default\">\n\t\t\t\t\t<div class=\"elementor-column elementor-col-100 elementor-top-column elementor-element elementor-element-4f2eb137\" data-id=\"4f2eb137\" data-element_type=\"column\" data-e-type=\"column\">\n\t\t\t<div class=\"elementor-widget-wrap elementor-element-populated\">\n\t\t\t\t\t\t<div class=\"elementor-element elementor-element-22685f45 elementor-invisible elementor-widget elementor-widget-heading\" data-id=\"22685f45\" data-element_type=\"widget\" data-e-type=\"widget\" data-settings=\"{&quot;_animation&quot;:&quot;slideInLeft&quot;,&quot;_animation_delay&quot;:300}\" data-widget_type=\"heading.default\">\n\t\t\t\t<div class=\"elementor-widget-container\">\n\t\t\t\t\t<h1 class=\"elementor-heading-title elementor-size-default\">D\u00e9couvrez notre agence<\/h1>\t\t\t\t<\/div>\n\t\t\t\t<\/div>\n\t\t\t\t<div class=\"elementor-element elementor-element-6e5ab17c elementor-widget elementor-widget-spacer\" data-id=\"6e5ab17c\" data-element_type=\"widget\" data-e-type=\"widget\" data-widget_type=\"spacer.default\">\n\t\t\t\t<div class=\"elementor-widget-container\">\n\t\t\t\t\t\t\t<div class=\"elementor-spacer\">\n\t\t\t<div class=\"elementor-spacer-inner\"><\/div>\n\t\t<\/div>\n\t\t\t\t\t\t<\/div>\n\t\t\t\t<\/div>\n\t\t\t\t<div class=\"elementor-element elementor-element-6aa60484 elementor-widget-divider--view-line elementor-invisible elementor-widget elementor-widget-divider\" data-id=\"6aa60484\" data-element_type=\"widget\" data-e-type=\"widget\" data-settings=\"{&quot;_animation&quot;:&quot;slideInLeft&quot;,&quot;_animation_delay&quot;:400}\" data-widget_type=\"divider.default\">\n\t\t\t\t<div class=\"elementor-widget-container\">\n\t\t\t\t\t\t\t<div class=\"elementor-divider\">\n\t\t\t<span class=\"elementor-divider-separator\">\n\t\t\t\t\t\t<\/span>\n\t\t<\/div>\n\t\t\t\t\t\t<\/div>\n\t\t\t\t<\/div>\n\t\t\t\t<div class=\"elementor-element elementor-element-fcc6ff9 elementor-invisible elementor-widget elementor-widget-text-editor\" data-id=\"fcc6ff9\" data-element_type=\"widget\" data-e-type=\"widget\" data-settings=\"{&quot;_animation&quot;:&quot;slideInLeft&quot;,&quot;_animation_delay&quot;:500}\" data-widget_type=\"text-editor.default\">\n\t\t\t\t<div class=\"elementor-widget-container\">\n\t\t\t\t\t\t\t\t\t<p>\u00c0 votre service depuis 1969<\/p>\t\t\t\t\t\t\t\t<\/div>\n\t\t\t\t<\/div>\n\t\t\t\t\t<\/div>\n\t\t<\/div>\n\t\t\t\t\t<\/div>\n\t\t<\/section>\n\t\t\t\t<section class=\"elementor-section elementor-top-section elementor-element elementor-element-232d272 elementor-section-boxed elementor-section-height-default elementor-section-height-default\" data-id=\"232d272\" data-element_type=\"section\" data-e-type=\"section\" data-settings=\"{&quot;jet_parallax_layout_list&quot;:[{&quot;_id&quot;:&quot;7c7e7ca&quot;,&quot;jet_parallax_layout_speed&quot;:{&quot;unit&quot;:&quot;%&quot;,&quot;size&quot;:50,&quot;sizes&quot;:[]},&quot;jet_parallax_layout_image&quot;:{&quot;url&quot;:&quot;&quot;,&quot;id&quot;:&quot;&quot;,&quot;size&quot;:&quot;&quot;},&quot;jet_parallax_layout_image_tablet&quot;:{&quot;url&quot;:&quot;&quot;,&quot;id&quot;:&quot;&quot;,&quot;size&quot;:&quot;&quot;},&quot;jet_parallax_layout_image_mobile&quot;:{&quot;url&quot;:&quot;&quot;,&quot;id&quot;:&quot;&quot;,&quot;size&quot;:&quot;&quot;},&quot;jet_parallax_layout_type&quot;:&quot;scroll&quot;,&quot;jet_parallax_layout_direction&quot;:&quot;1&quot;,&quot;jet_parallax_layout_fx_direction&quot;:null,&quot;jet_parallax_layout_z_index&quot;:&quot;&quot;,&quot;jet_parallax_layout_bg_x&quot;:50,&quot;jet_parallax_layout_bg_x_tablet&quot;:&quot;&quot;,&quot;jet_parallax_layout_bg_x_mobile&quot;:&quot;&quot;,&quot;jet_parallax_layout_bg_y&quot;:50,&quot;jet_parallax_layout_bg_y_tablet&quot;:&quot;&quot;,&quot;jet_parallax_layout_bg_y_mobile&quot;:&quot;&quot;,&quot;jet_parallax_layout_bg_size&quot;:&quot;auto&quot;,&quot;jet_parallax_layout_bg_size_tablet&quot;:&quot;&quot;,&quot;jet_parallax_layout_bg_size_mobile&quot;:&quot;&quot;,&quot;jet_parallax_layout_animation_prop&quot;:&quot;transform&quot;,&quot;jet_parallax_layout_on&quot;:[&quot;desktop&quot;,&quot;tablet&quot;]}]}\">\n\t\t\t\t\t\t<div class=\"elementor-container elementor-column-gap-default\">\n\t\t\t\t\t<div class=\"elementor-column elementor-col-50 elementor-top-column elementor-element elementor-element-df4f0b9\" data-id=\"df4f0b9\" data-element_type=\"column\" data-e-type=\"column\">\n\t\t\t<div class=\"elementor-widget-wrap elementor-element-populated\">\n\t\t\t\t\t\t<div class=\"elementor-element elementor-element-80a5786 elementor-widget elementor-widget-text-editor\" data-id=\"80a5786\" data-element_type=\"widget\" data-e-type=\"widget\" data-widget_type=\"text-editor.default\">\n\t\t\t\t<div class=\"elementor-widget-container\">\n\t\t\t\t\t\t\t\t\t<p><strong>Depuis 1969<\/strong>, l\u2019agence AIS est \u00e9tablit \u00e0 Saint-Gervais-les-Bains, (Altitude : 890m \/ 4807m) station-village \u00e0 caract\u00e8re typiquement Haut-Savoyard parfaitement desservie par l\u2019autoroute blanche, les lignes r\u00e9guli\u00e8res T.G.V depuis Paris ainsi que l\u2019a\u00e9roport de Gen\u00e8ve.<\/p><p>L\u2019agence dispose d\u2019un <strong>d\u00e9partement syndic<\/strong> qui g\u00e8re des copropri\u00e9t\u00e9s sur le secteur de Saint-Gervais-les-Bains,\u00a0Le\u00a0Fayet, Combloux, Argenti\u00e8re, Les Houches, Passy, Saint-Nicolas de V\u00e9roce et le Plateau d\u2019Assy.<\/p><p>Ainsi que d\u2019un <strong>secteur vente<\/strong>, mettant \u00e0 votre service une \u00e9quipe de professionnels locaux au Pays du Mont-Blanc.<\/p><p>AIS travaille \u00e9galement en inter-cabinet avec 10 agences (2 sur Saint-Gervais, 1 aux Contamines, 1 \u00e0 Combloux, 1 \u00e0 Passy, 1 aux Houches, 1 \u00e0 Meg\u00e8ve, 1 \u00e0 Sallanches, 1 au Fayet et 1 \u00e0 Chamonix) avec plus de 700 biens en portefeuille et un fichier de plus de 4000 acqu\u00e9reurs s\u00e9rieux et qualifi\u00e9s.<\/p><p>\u00a0<\/p><p>AIS<br \/>Les Ch\u00e2lets du Nerey<br \/>825, avenue du Mont d\u2019Arbois<br \/>74170 SAINT GERVAIS LES BAINS<\/p><p><strong>Service syndic : <\/strong>04 50 93 43 12<br \/><strong><span class=\"tel\">Service transactions : <\/span><\/strong><span class=\"tel\">04 50 93 89 39<\/span><\/p>\t\t\t\t\t\t\t\t<\/div>\n\t\t\t\t<\/div>\n\t\t\t\t<div class=\"elementor-element elementor-element-a46f615 elementor-mobile-align-center elementor-widget elementor-widget-button\" data-id=\"a46f615\" data-element_type=\"widget\" data-e-type=\"widget\" data-widget_type=\"button.default\">\n\t\t\t\t<div class=\"elementor-widget-container\">\n\t\t\t\t\t\t\t\t\t<div class=\"elementor-button-wrapper\">\n\t\t\t\t\t<a class=\"elementor-button elementor-button-link elementor-size-sm\" href=\"\/ais\/contact\">\n\t\t\t\t\t\t<span class=\"elementor-button-content-wrapper\">\n\t\t\t\t\t\t\t\t\t<span class=\"elementor-button-text\">Contacter l'agence AIS<\/span>\n\t\t\t\t\t<\/span>\n\t\t\t\t\t<\/a>\n\t\t\t\t<\/div>\n\t\t\t\t\t\t\t\t<\/div>\n\t\t\t\t<\/div>\n\t\t\t\t\t<\/div>\n\t\t<\/div>\n\t\t\t\t<div class=\"elementor-column elementor-col-50 elementor-top-column elementor-element elementor-element-106e15f\" data-id=\"106e15f\" data-element_type=\"column\" data-e-type=\"column\">\n\t\t\t<div class=\"elementor-widget-wrap elementor-element-populated\">\n\t\t\t\t\t\t<div class=\"elementor-element elementor-element-c75ac8f elementor-widget elementor-widget-image\" data-id=\"c75ac8f\" data-element_type=\"widget\" data-e-type=\"widget\" data-widget_type=\"image.default\">\n\t\t\t\t<div class=\"elementor-widget-container\">\n\t\t\t\t\t\t\t\t\t\t\t\t\t\t\t<img fetchpriority=\"high\" decoding=\"async\" width=\"300\" height=\"225\" src=\"https:\/\/ais-immo.com\/wp-content\/uploads\/2021\/04\/agence-ais-vitrine.jpg\" class=\"attachment-large size-large wp-image-5529\" alt=\"\" \/>\t\t\t\t\t\t\t\t\t\t\t\t\t\t\t<\/div>\n\t\t\t\t<\/div>\n\t\t\t\t\t<\/div>\n\t\t<\/div>\n\t\t\t\t\t<\/div>\n\t\t<\/section>\n\t\t\t\t<\/div>\n\t\t","protected":false},"excerpt":{"rendered":"<p>D\u00e9couvrez notre agence \u00c0 votre service depuis 1969 Depuis 1969, l\u2019agence AIS est \u00e9tablit \u00e0 Saint-Gervais-les-Bains, (Altitude : 890m \/ 4807m) station-village \u00e0 caract\u00e8re typiquement Haut-Savoyard parfaitement desservie par l\u2019autoroute blanche, les lignes r\u00e9guli\u00e8res T.G.V depuis Paris ainsi que l\u2019a\u00e9roport de Gen\u00e8ve. L\u2019agence dispose d\u2019un d\u00e9partement syndic qui g\u00e8re des copropri\u00e9t\u00e9s sur le secteur de [&hellip;]<\/p>\n","protected":false},"author":1,"featured_media":5446,"parent":0,"menu_order":0,"comment_status":"closed","ping_status":"closed","template":"elementor_header_footer","meta":{"_acf_changed":false,"footnotes":""},"class_list":["post-5527","page","type-page","status-publish","has-post-thumbnail","hentry"],"acf":[],"yoast_head":"<!-- This site is optimized with the Yoast SEO plugin v27.2 - https:\/\/yoast.com\/product\/yoast-seo-wordpress\/ -->\n<title>Agence immobili\u00e8re \u00e0 St-Gervais-les-Bains, Le Fayet, Passy<\/title>\n<meta name=\"description\" content=\"Contactez notre agence pour l&#039;achat d&#039;un appartement \u00e0 Meg\u00e8ve ou \u00e0 Praz sur Arly, ou pour acheter un fond de commerce, un appartement neuf, un parking\u2026\" \/>\n<meta name=\"robots\" content=\"index, follow, max-snippet:-1, max-image-preview:large, max-video-preview:-1\" \/>\n<link rel=\"canonical\" href=\"https:\/\/ais-immo.com\/en\/agence\/\" \/>\n<meta property=\"og:locale\" content=\"en_GB\" \/>\n<meta property=\"og:type\" content=\"article\" \/>\n<meta property=\"og:title\" content=\"Agence immobili\u00e8re \u00e0 St-Gervais-les-Bains, Le Fayet, Passy\" \/>\n<meta property=\"og:description\" content=\"Contactez notre agence pour l&#039;achat d&#039;un appartement \u00e0 Meg\u00e8ve ou \u00e0 Praz sur Arly, ou pour acheter un fond de commerce, un appartement neuf, un parking\u2026\" \/>\n<meta property=\"og:url\" content=\"https:\/\/ais-immo.com\/en\/agence\/\" \/>\n<meta property=\"og:site_name\" content=\"Achat maison, vente appartement, parking Savoie Mont Blanc | Ais Immobilier\" \/>\n<meta property=\"article:modified_time\" content=\"2021-05-31T16:33:14+00:00\" \/>\n<meta property=\"og:image\" content=\"https:\/\/ais-immo.com\/wp-content\/uploads\/2021\/04\/ais-bandeau.jpg\" \/>\n\t<meta property=\"og:image:width\" content=\"1938\" \/>\n\t<meta property=\"og:image:height\" content=\"1029\" \/>\n\t<meta property=\"og:image:type\" content=\"image\/jpeg\" \/>\n<meta name=\"twitter:card\" content=\"summary_large_image\" \/>\n<meta name=\"twitter:label1\" content=\"Estimated reading time\" \/>\n\t<meta name=\"twitter:data1\" content=\"1 minute\" \/>\n<script type=\"application\/ld+json\" class=\"yoast-schema-graph\">{\"@context\":\"https:\/\/schema.org\",\"@graph\":[{\"@type\":\"WebPage\",\"@id\":\"https:\/\/ais-immo.com\/agence\/\",\"url\":\"https:\/\/ais-immo.com\/agence\/\",\"name\":\"Agence immobili\u00e8re \u00e0 St-Gervais-les-Bains, Le Fayet, Passy\",\"isPartOf\":{\"@id\":\"https:\/\/ais-immo.com\/#website\"},\"primaryImageOfPage\":{\"@id\":\"https:\/\/ais-immo.com\/agence\/#primaryimage\"},\"image\":{\"@id\":\"https:\/\/ais-immo.com\/agence\/#primaryimage\"},\"thumbnailUrl\":\"https:\/\/ais-immo.com\/wp-content\/uploads\/2021\/04\/ais-bandeau.jpg\",\"datePublished\":\"2021-04-27T08:04:40+00:00\",\"dateModified\":\"2021-05-31T16:33:14+00:00\",\"description\":\"Contactez notre agence pour l'achat d'un appartement \u00e0 Meg\u00e8ve ou \u00e0 Praz sur Arly, ou pour acheter un fond de commerce, un appartement neuf, un parking\u2026\",\"breadcrumb\":{\"@id\":\"https:\/\/ais-immo.com\/agence\/#breadcrumb\"},\"inLanguage\":\"en-GB\",\"potentialAction\":[{\"@type\":\"ReadAction\",\"target\":[\"https:\/\/ais-immo.com\/agence\/\"]}]},{\"@type\":\"ImageObject\",\"inLanguage\":\"en-GB\",\"@id\":\"https:\/\/ais-immo.com\/agence\/#primaryimage\",\"url\":\"https:\/\/ais-immo.com\/wp-content\/uploads\/2021\/04\/ais-bandeau.jpg\",\"contentUrl\":\"https:\/\/ais-immo.com\/wp-content\/uploads\/2021\/04\/ais-bandeau.jpg\",\"width\":1938,\"height\":1029},{\"@type\":\"BreadcrumbList\",\"@id\":\"https:\/\/ais-immo.com\/agence\/#breadcrumb\",\"itemListElement\":[{\"@type\":\"ListItem\",\"position\":1,\"name\":\"Accueil\",\"item\":\"https:\/\/ais-immo.com\/\"},{\"@type\":\"ListItem\",\"position\":2,\"name\":\"Notre agence\"}]},{\"@type\":\"WebSite\",\"@id\":\"https:\/\/ais-immo.com\/#website\",\"url\":\"https:\/\/ais-immo.com\/\",\"name\":\"Achat maison, vente appartement, parking Savoie Mont Blanc | Ais Immobilier\",\"description\":\"\",\"potentialAction\":[{\"@type\":\"SearchAction\",\"target\":{\"@type\":\"EntryPoint\",\"urlTemplate\":\"https:\/\/ais-immo.com\/?s={search_term_string}\"},\"query-input\":{\"@type\":\"PropertyValueSpecification\",\"valueRequired\":true,\"valueName\":\"search_term_string\"}}],\"inLanguage\":\"en-GB\"}]}<\/script>\n<!-- \/ Yoast SEO plugin. -->","yoast_head_json":{"title":"Agence immobili\u00e8re \u00e0 St-Gervais-les-Bains, Le Fayet, Passy","description":"Contactez notre agence pour l'achat d'un appartement \u00e0 Meg\u00e8ve ou \u00e0 Praz sur Arly, ou pour acheter un fond de commerce, un appartement neuf, un parking\u2026","robots":{"index":"index","follow":"follow","max-snippet":"max-snippet:-1","max-image-preview":"max-image-preview:large","max-video-preview":"max-video-preview:-1"},"canonical":"https:\/\/ais-immo.com\/en\/agence\/","og_locale":"en_GB","og_type":"article","og_title":"Agence immobili\u00e8re \u00e0 St-Gervais-les-Bains, Le Fayet, Passy","og_description":"Contactez notre agence pour l'achat d'un appartement \u00e0 Meg\u00e8ve ou \u00e0 Praz sur Arly, ou pour acheter un fond de commerce, un appartement neuf, un parking\u2026","og_url":"https:\/\/ais-immo.com\/en\/agence\/","og_site_name":"Achat maison, vente appartement, parking Savoie Mont Blanc | Ais Immobilier","article_modified_time":"2021-05-31T16:33:14+00:00","og_image":[{"width":1938,"height":1029,"url":"https:\/\/ais-immo.com\/wp-content\/uploads\/2021\/04\/ais-bandeau.jpg","type":"image\/jpeg"}],"twitter_card":"summary_large_image","twitter_misc":{"Estimated reading time":"1 minute"},"schema":{"@context":"https:\/\/schema.org","@graph":[{"@type":"WebPage","@id":"https:\/\/ais-immo.com\/agence\/","url":"https:\/\/ais-immo.com\/agence\/","name":"Agence immobili\u00e8re \u00e0 St-Gervais-les-Bains, Le Fayet, Passy","isPartOf":{"@id":"https:\/\/ais-immo.com\/#website"},"primaryImageOfPage":{"@id":"https:\/\/ais-immo.com\/agence\/#primaryimage"},"image":{"@id":"https:\/\/ais-immo.com\/agence\/#primaryimage"},"thumbnailUrl":"https:\/\/ais-immo.com\/wp-content\/uploads\/2021\/04\/ais-bandeau.jpg","datePublished":"2021-04-27T08:04:40+00:00","dateModified":"2021-05-31T16:33:14+00:00","description":"Contactez notre agence pour l'achat d'un appartement \u00e0 Meg\u00e8ve ou \u00e0 Praz sur Arly, ou pour acheter un fond de commerce, un appartement neuf, un parking\u2026","breadcrumb":{"@id":"https:\/\/ais-immo.com\/agence\/#breadcrumb"},"inLanguage":"en-GB","potentialAction":[{"@type":"ReadAction","target":["https:\/\/ais-immo.com\/agence\/"]}]},{"@type":"ImageObject","inLanguage":"en-GB","@id":"https:\/\/ais-immo.com\/agence\/#primaryimage","url":"https:\/\/ais-immo.com\/wp-content\/uploads\/2021\/04\/ais-bandeau.jpg","contentUrl":"https:\/\/ais-immo.com\/wp-content\/uploads\/2021\/04\/ais-bandeau.jpg","width":1938,"height":1029},{"@type":"BreadcrumbList","@id":"https:\/\/ais-immo.com\/agence\/#breadcrumb","itemListElement":[{"@type":"ListItem","position":1,"name":"Accueil","item":"https:\/\/ais-immo.com\/"},{"@type":"ListItem","position":2,"name":"Notre agence"}]},{"@type":"WebSite","@id":"https:\/\/ais-immo.com\/#website","url":"https:\/\/ais-immo.com\/","name":"Achat maison, vente appartement, parking Savoie Mont Blanc | Ais Immobilier","description":"","potentialAction":[{"@type":"SearchAction","target":{"@type":"EntryPoint","urlTemplate":"https:\/\/ais-immo.com\/?s={search_term_string}"},"query-input":{"@type":"PropertyValueSpecification","valueRequired":true,"valueName":"search_term_string"}}],"inLanguage":"en-GB"}]}},"_links":{"self":[{"href":"https:\/\/ais-immo.com\/en\/wp-json\/wp\/v2\/pages\/5527","targetHints":{"allow":["GET"]}}],"collection":[{"href":"https:\/\/ais-immo.com\/en\/wp-json\/wp\/v2\/pages"}],"about":[{"href":"https:\/\/ais-immo.com\/en\/wp-json\/wp\/v2\/types\/page"}],"author":[{"embeddable":true,"href":"https:\/\/ais-immo.com\/en\/wp-json\/wp\/v2\/users\/1"}],"replies":[{"embeddable":true,"href":"https:\/\/ais-immo.com\/en\/wp-json\/wp\/v2\/comments?post=5527"}],"version-history":[{"count":40,"href":"https:\/\/ais-immo.com\/en\/wp-json\/wp\/v2\/pages\/5527\/revisions"}],"predecessor-version":[{"id":5701,"href":"https:\/\/ais-immo.com\/en\/wp-json\/wp\/v2\/pages\/5527\/revisions\/5701"}],"wp:featuredmedia":[{"embeddable":true,"href":"https:\/\/ais-immo.com\/en\/wp-json\/wp\/v2\/media\/5446"}],"wp:attachment":[{"href":"https:\/\/ais-immo.com\/en\/wp-json\/wp\/v2\/media?parent=5527"}],"curies":[{"name":"wp","href":"https:\/\/api.w.org\/{rel}","templated":true}]}}